{"id":4275,"date":"2025-08-16T13:38:49","date_gmt":"2025-08-16T11:38:49","guid":{"rendered":"https:\/\/www.stravex.com\/?page_id=4275"},"modified":"2026-04-14T16:45:54","modified_gmt":"2026-04-14T14:45:54","slug":"datenschutzerklaerung","status":"publish","type":"page","link":"https:\/\/www.stravex.com\/de\/datenschutzerklaerung","title":{"rendered":"Datenschutzerkl\u00e4rung"},"content":{"rendered":"<div id=\"pl-4275\"  class=\"panel-layout\" ><div id=\"pg-4275-0\"  class=\"panel-grid panel-no-style\" ><div id=\"pgc-4275-0-0\"  class=\"panel-grid-cell\" ><div id=\"panel-4275-0-0-0\" class=\"so-panel widget widget_black-studio-tinymce widget_black_studio_tinymce panel-first-child panel-last-child\" data-index=\"0\" ><div class=\"textwidget\"><h2><strong>Datenschutzerkl\u00e4rung<\/strong><\/h2>\n<p>Wir freuen uns sehr \u00fcber Ihr Interesse an unserem Unternehmen. Datenschutz hat einen besonders hohen Stellenwert f\u00fcr die Gesch\u00e4ftsleitung der Stravex Transport- und Handelsgesellschaft mbH. Eine Nutzung der Internetseiten der Stravex Transport- und Handelsgesellschaft mbH ist grunds\u00e4tzlich ohne jede Angabe personenbezogener Daten m\u00f6glich. Sofern eine betroffene Person besondere Services unseres Unternehmens \u00fcber unsere Internetseite in Anspruch nehmen m\u00f6chte, k\u00f6nnte jedoch eine Verarbeitung personenbezogener Daten erforderlich werden. Ist die Verarbeitung personenbezogener Daten erforderlich und besteht f\u00fcr eine solche Verarbeitung keine gesetzliche Grundlage, holen wir generell eine Einwilligung der betroffenen Person ein.<\/p>\n<p>Die Verarbeitung personenbezogener Daten, beispielsweise des Namens, der Anschrift, E-Mail-Adresse oder Telefonnummer einer betroffenen Person, erfolgt stets im Einklang mit der Datenschutz-Grundverordnung und in \u00dcbereinstimmung mit den f\u00fcr die Stravex Transport- und Handelsgesellschaft mbH geltenden landesspezifischen Datenschutzbestimmungen. Mittels dieser Datenschutzerkl\u00e4rung m\u00f6chte unser Unternehmen die \u00d6ffentlichkeit \u00fcber Art, Umfang und Zweck der von uns erhobenen, genutzten und verarbeiteten personenbezogenen Daten informieren. Ferner werden betroffene Personen mittels dieser Datenschutzerkl\u00e4rung \u00fcber die ihnen zustehenden Rechte aufgekl\u00e4rt.<\/p>\n<p>Die Stravex Transport- und Handelsgesellschaft mbH hat als f\u00fcr die Verarbeitung Verantwortlicher zahlreiche technische und organisatorische Ma\u00dfnahmen umgesetzt, um einen m\u00f6glichst l\u00fcckenlosen Schutz der \u00fcber diese Internetseite verarbeiteten personenbezogenen Daten sicherzustellen. Dennoch k\u00f6nnen internetbasierte Daten\u00fcbertragungen grunds\u00e4tzlich Sicherheitsl\u00fccken aufweisen, sodass ein absoluter Schutz nicht gew\u00e4hrleistet werden kann. Aus diesem Grund steht es jeder betroffenen Person frei, personenbezogene Daten auch auf alternativen Wegen, beispielsweise telefonisch, an uns zu \u00fcbermitteln.<\/p>\n<p><strong>1. Begriffsbestimmungen<\/strong><\/p>\n<p>Die Datenschutzerkl\u00e4rung der Stravex Transport- und Handelsgesellschaft mbH beruht auf den Begrifflichkeiten, die durch den Europ\u00e4ischen Richtlinien- und Verordnungsgeber beim Erlass der Datenschutz-Grundverordnung (DS-GVO) verwendet wurden. Unsere Datenschutzerkl\u00e4rung soll sowohl f\u00fcr die \u00d6ffentlichkeit als auch f\u00fcr unsere Kunden und Gesch\u00e4ftspartner einfach lesbar und verst\u00e4ndlich sein. Um dies zu gew\u00e4hrleisten, m\u00f6chten wir vorab die verwendeten Begrifflichkeiten erl\u00e4utern.<\/p>\n<p>Wir verwenden in dieser Datenschutzerkl\u00e4rung unter anderem die folgenden Begriffe:<\/p>\n<p><strong>a)\u00a0\u00a0\u00a0 personenbezogene Daten<\/strong><\/p>\n<p>Personenbezogene Daten sind alle Informationen, die sich auf eine identifizierte oder identifizierbare nat\u00fcrliche Person (im Folgenden \u201ebetroffene Person\u201c) beziehen. Als identifizierbar wird eine nat\u00fcrliche Person angesehen, die direkt oder indirekt, insbesondere mittels Zuordnung zu einer Kennung wie einem Namen, zu einer Kennnummer, zu Standortdaten, zu einer Online-Kennung oder zu einem oder mehreren besonderen Merkmalen, die Ausdruck der physischen, physiologischen, genetischen, psychischen, wirtschaftlichen, kulturellen oder sozialen Identit\u00e4t dieser nat\u00fcrlichen Person sind, identifiziert werden kann.<\/p>\n<p><strong>b)\u00a0\u00a0\u00a0 betroffene Person<\/strong><\/p>\n<p>Betroffene Person ist jede identifizierte oder identifizierbare nat\u00fcrliche Person, deren personenbezogene Daten von dem f\u00fcr die Verarbeitung Verantwortlichen verarbeitet werden.<\/p>\n<p><strong>c)\u00a0\u00a0\u00a0 Verarbeitung<\/strong><\/p>\n<p>Verarbeitung ist jeder mit oder ohne Hilfe automatisierter Verfahren ausgef\u00fchrte Vorgang oder jede solche Vorgangsreihe im Zusammenhang mit personenbezogenen Daten wie das Erheben, das Erfassen, die Organisation, das Ordnen, die Speicherung, die Anpassung oder Ver\u00e4nderung, das Auslesen, das Abfragen, die Verwendung, die Offenlegung durch \u00dcbermittlung, Verbreitung oder eine andere Form der Bereitstellung, den Abgleich oder die Verkn\u00fcpfung, die Einschr\u00e4nkung, das L\u00f6schen oder die Vernichtung.<\/p>\n<p><strong>d)\u00a0\u00a0\u00a0 Einschr\u00e4nkung der Verarbeitung<\/strong><\/p>\n<p>Einschr\u00e4nkung der Verarbeitung ist die Markierung gespeicherter personenbezogener Daten mit dem Ziel, ihre k\u00fcnftige Verarbeitung einzuschr\u00e4nken.<\/p>\n<p><strong>e)\u00a0\u00a0\u00a0 Profiling<\/strong><\/p>\n<p>Profiling ist jede Art der automatisierten Verarbeitung personenbezogener Daten, die darin besteht, dass diese personenbezogenen Daten verwendet werden, um bestimmte pers\u00f6nliche Aspekte, die sich auf eine nat\u00fcrliche Person beziehen, zu bewerten, insbesondere, um Aspekte bez\u00fcglich Arbeitsleistung, wirtschaftlicher Lage, Gesundheit, pers\u00f6nlicher Vorlieben, Interessen, Zuverl\u00e4ssigkeit, Verhalten, Aufenthaltsort oder Ortswechsel dieser nat\u00fcrlichen Person zu analysieren oder vorherzusagen.<\/p>\n<p><strong>f)\u00a0\u00a0\u00a0\u00a0 Pseudonymisierung<\/strong><\/p>\n<p>Pseudonymisierung ist die Verarbeitung personenbezogener Daten in einer Weise, auf welche die personenbezogenen Daten ohne Hinzuziehung zus\u00e4tzlicher Informationen nicht mehr einer spezifischen betroffenen Person zugeordnet werden k\u00f6nnen, sofern diese zus\u00e4tzlichen Informationen gesondert aufbewahrt werden und technischen und organisatorischen Ma\u00dfnahmen unterliegen, die gew\u00e4hrleisten, dass die personenbezogenen Daten nicht einer identifizierten oder identifizierbaren nat\u00fcrlichen Person zugewiesen werden.<\/p>\n<p><strong>g)\u00a0\u00a0\u00a0 Verantwortlicher oder f\u00fcr die Verarbeitung Verantwortlicher<\/strong><\/p>\n<p>Verantwortlicher oder f\u00fcr die Verarbeitung Verantwortlicher ist die nat\u00fcrliche oder juristische Person, Beh\u00f6rde, Einrichtung oder andere Stelle, die allein oder gemeinsam mit anderen \u00fcber die Zwecke und Mittel der Verarbeitung von personenbezogenen Daten entscheidet. Sind die Zwecke und Mittel dieser Verarbeitung durch das Unionsrecht oder das Recht der Mitgliedstaaten vorgegeben, so kann der Verantwortliche beziehungsweise k\u00f6nnen die bestimmten Kriterien seiner Benennung nach dem Unionsrecht oder dem Recht der Mitgliedstaaten vorgesehen werden.<\/p>\n<p><strong>h)\u00a0\u00a0\u00a0 Auftragsverarbeiter<\/strong><\/p>\n<p>Auftragsverarbeiter ist eine nat\u00fcrliche oder juristische Person, Beh\u00f6rde, Einrichtung oder andere Stelle, die personenbezogene Daten im Auftrag des Verantwortlichen verarbeitet.<\/p>\n<p><strong>i)\u00a0\u00a0\u00a0\u00a0\u00a0 Empf\u00e4nger<\/strong><\/p>\n<p>Empf\u00e4nger ist eine nat\u00fcrliche oder juristische Person, Beh\u00f6rde, Einrichtung oder andere Stelle, der personenbezogene Daten offengelegt werden, unabh\u00e4ngig davon, ob es sich bei ihr um einen Dritten handelt oder nicht. Beh\u00f6rden, die im Rahmen eines bestimmten Untersuchungsauftrags nach dem Unionsrecht oder dem Recht der Mitgliedstaaten m\u00f6glicherweise personenbezogene Daten erhalten, gelten jedoch nicht als Empf\u00e4nger.<\/p>\n<p><strong>j)\u00a0\u00a0\u00a0\u00a0\u00a0 Dritter<\/strong><\/p>\n<p>Dritter ist eine nat\u00fcrliche oder juristische Person, Beh\u00f6rde, Einrichtung oder andere Stelle au\u00dfer der betroffenen Person, dem Verantwortlichen, dem Auftragsverarbeiter und den Personen, die unter der unmittelbaren Verantwortung des Verantwortlichen oder des Auftragsverarbeiters befugt sind, die personenbezogenen Daten zu verarbeiten.<\/p>\n<p><strong>k)\u00a0\u00a0\u00a0 Einwilligung<\/strong><\/p>\n<p>Einwilligung ist jede von der betroffenen Person freiwillig f\u00fcr den bestimmten Fall in informierter Weise und unmissverst\u00e4ndlich abgegebene Willensbekundung in Form einer Erkl\u00e4rung oder einer sonstigen eindeutigen best\u00e4tigenden Handlung, mit der die betroffene Person zu verstehen gibt, dass sie mit der Verarbeitung der sie betreffenden personenbezogenen Daten einverstanden ist.<\/p>\n<p><strong>2. Name und Anschrift des f\u00fcr die Verarbeitung Verantwortlichen<\/strong><\/p>\n<p>Verantwortlicher im Sinne der Datenschutz-Grundverordnung, sonstiger in den Mitgliedstaaten der Europ\u00e4ischen Union geltenden Datenschutzgesetze und anderer Bestimmungen mit datenschutzrechtlichem Charakter ist die:<\/p>\n<p>Stravex Transport- und Handelsgesellschaft mbH<\/p>\n<p>Finkenwerder Weg 6<\/p>\n<p>21129 Hamburg<\/p>\n<p>Deutschland<\/p>\n<p>Tel.: 040334870300<\/p>\n<p>E-Mail:\u00a0<span id=\"cloak3844881fad36b58dcc9315552b75291d\"><a href=\"mailto:vbrazil@stravex.com\" target=\"_blank\" rel=\"noopener\">office@stravex.com<\/a><\/span><\/p>\n<p>Website:\u00a0<a href=\"http:\/\/www.stravex.com\/\" target=\"_blank\" rel=\"noopener\">www.stravex.com<\/a><\/p>\n<p>Datenschutzbeauftragter: Evgeniy Yanov<\/p>\n<p><strong>3. Cookies<\/strong><\/p>\n<p>Die Internetseiten der Stravex Transport- und Handelsgesellschaft mbH verwenden Cookies. Cookies sind Textdateien, welche \u00fcber einen Internetbrowser auf einem Computersystem abgelegt und gespeichert werden.<\/p>\n<p>Zahlreiche Internetseiten und Server verwenden Cookies. Viele Cookies enthalten eine sogenannte Cookie-ID. Eine Cookie-ID ist eine eindeutige Kennung des Cookies. Sie besteht aus einer Zeichenfolge, durch welche Internetseiten und Server dem konkreten Internetbrowser zugeordnet werden k\u00f6nnen, in dem das Cookie gespeichert wurde. Dies erm\u00f6glicht es den besuchten Internetseiten und Servern, den individuellen Browser der betroffenen Person von anderen Internetbrowsern, die andere Cookies enthalten, zu unterscheiden. Ein bestimmter Internetbrowser kann \u00fcber die eindeutige Cookie-ID wiedererkannt und identifiziert werden.<\/p>\n<p>Durch den Einsatz von Cookies kann die Stravex Transport- und Handelsgesellschaft mbH den Nutzern dieser Internetseite nutzerfreundlichere Services bereitstellen, die ohne die Cookie-Setzung nicht m\u00f6glich w\u00e4ren.<\/p>\n<p>Mittels eines Cookies k\u00f6nnen die Informationen und Angebote auf unserer Internetseite im Sinne des Benutzers optimiert werden. Cookies erm\u00f6glichen uns, wie bereits erw\u00e4hnt, die Benutzer unserer Internetseite wiederzuerkennen. Zweck dieser Wiedererkennung ist es, den Nutzern die Verwendung unserer Internetseite zu erleichtern. Der Benutzer einer Internetseite, die Cookies verwendet, muss beispielsweise nicht bei jedem Besuch der Internetseite erneut seine Zugangsdaten eingeben, weil dies von der Internetseite und dem auf dem Computersystem des Benutzers abgelegten Cookie \u00fcbernommen wird. Ein weiteres Beispiel ist das Cookie eines Warenkorbes im Online-Shop. Der Online-Shop merkt sich die Artikel, die ein Kunde in den virtuellen Warenkorb gelegt hat, \u00fcber ein Cookie.<\/p>\n<p>Die betroffene Person kann die Setzung von Cookies durch unsere Internetseite jederzeit mittels einer entsprechenden Einstellung des genutzten Internetbrowsers verhindern und damit der Setzung von Cookies dauerhaft widersprechen. Ferner k\u00f6nnen bereits gesetzte Cookies jederzeit \u00fcber einen Internetbrowser oder andere Softwareprogramme gel\u00f6scht werden. Dies ist in allen g\u00e4ngigen Internetbrowsern m\u00f6glich. Deaktiviert die betroffene Person die Setzung von Cookies in dem genutzten Internetbrowser, sind unter Umst\u00e4nden nicht alle Funktionen unserer Internetseite vollumf\u00e4nglich nutzbar.<\/p>\n<p><strong>4. Erfassung von allgemeinen Daten und Informationen<\/strong><\/p>\n<p>Die Internetseite der Stravex Transport- und Handelsgesellschaft mbH erfasst mit jedem Aufruf der Internetseite durch eine betroffene Person oder ein automatisiertes System eine Reihe von allgemeinen Daten und Informationen. Diese allgemeinen Daten und Informationen werden in den Logfiles des Servers gespeichert. Erfasst werden k\u00f6nnen die (1) verwendeten Browsertypen und Versionen, (2) das vom zugreifenden System verwendete Betriebssystem, (3) die Internetseite, von welcher ein zugreifendes System auf unsere Internetseite gelangt (sogenannte Referrer), (4) die Unterwebseiten, welche \u00fcber ein zugreifendes System auf unserer Internetseite angesteuert werden, (5) das Datum und die Uhrzeit eines Zugriffs auf die Internetseite, (6) eine Internet-Protokoll-Adresse (IP-Adresse), (7) der Internet-Service-Provider des zugreifenden Systems und (8) sonstige \u00e4hnliche Daten und Informationen, die der Gefahrenabwehr im Falle von Angriffen auf unsere informationstechnologischen Systeme dienen.<\/p>\n<p>Bei der Nutzung dieser allgemeinen Daten und Informationen zieht die Stravex Transport- und Handelsgesellschaft mbH keine R\u00fcckschl\u00fcsse auf die betroffene Person. Diese Informationen werden vielmehr ben\u00f6tigt, um (1) die Inhalte unserer Internetseite korrekt auszuliefern, (2) die Inhalte unserer Internetseite sowie die Werbung f\u00fcr diese zu optimieren, (3) die dauerhafte Funktionsf\u00e4higkeit unserer informationstechnologischen Systeme und der Technik unserer Internetseite zu gew\u00e4hrleisten sowie (4) um Strafverfolgungsbeh\u00f6rden im Falle eines Cyberangriffes die zur Strafverfolgung notwendigen Informationen bereitzustellen. Diese anonym erhobenen Daten und Informationen werden durch die Stravex Transport- und Handels Gesellschaft mbH daher einerseits statistisch und ferner mit dem Ziel ausgewertet, den Datenschutz und die Datensicherheit in unserem Unternehmen zu erh\u00f6hen, um letztlich ein optimales Schutzniveau f\u00fcr die von uns verarbeiteten personenbezogenen Daten sicherzustellen. Die anonymen Daten der Server-Logfiles werden getrennt von allen durch eine betroffene Person angegebenen personenbezogenen Daten gespeichert.<\/p>\n<p><strong>5. Kontaktm\u00f6glichkeit \u00fcber die Internetseite<\/strong><\/p>\n<p>Die Internetseite der Stravex Transport- und Handelsgesellschaft GmbH enth\u00e4lt aufgrund gesetzlicher Vorschriften Angaben, die eine schnelle elektronische Kontaktaufnahme zu unserem Unternehmen sowie eine unmittelbare Kommunikation mit uns erm\u00f6glichen, was ebenfalls eine allgemeine Adresse der elektronischen Post (E-Mail-Adresse) umfasst. Sofern eine betroffene Person per E-Mail oder \u00fcber ein Kontaktformular den Kontakt mit dem f\u00fcr die Verarbeitung Verantwortlichen aufnimmt, werden die von der betroffenen Person \u00fcbermittelten personenbezogenen Daten automatisch gespeichert.\u00a0Rechtsgrundlage f\u00fcr die Verarbeitung dieser Daten ist bei Vorliegen vertraglicher oder vorvertraglicher Beziehungen Art. 6 Abs. 1 lit. b DSGVO. Handelt es sich um allgemeine Anfragen, die nicht auf einen Vertrag abzielen, erfolgt die Verarbeitung auf Grundlage unseres berechtigten Interesses an der Beantwortung der Anfrage gem\u00e4\u00df Art. 6 Abs. 1 lit. f DSGVO. Die Speicherdauer der personenbezogenen Daten ist auf die Erledigung Ihrer Anfrage beschr\u00e4nkt. Dies bedeutet, dass die Daten gel\u00f6scht werden, sobald Ihre Anfrage abschlie\u00dfend bearbeitet ist und keine gesetzlichen Aufbewahrungspflichten (z. B. handels- oder steuerrechtliche Aufbewahrungspflichten) entgegenstehen.\u00a0Die Bereitstellung Ihrer personenbezogenen Daten erfolgt freiwillig. Ohne Angabe Ihrer Kontaktdaten k\u00f6nnen wir Ihre Anfrage jedoch nicht bearbeiten. Es erfolgt keine Weitergabe dieser personenbezogenen Daten an Dritte.<\/p>\n<p><strong>6. Routinem\u00e4\u00dfige L\u00f6schung und Sperrung von personenbezogenen Daten<\/strong><\/p>\n<p>Der f\u00fcr die Verarbeitung Verantwortliche verarbeitet und speichert personenbezogene Daten der betroffenen Person nur f\u00fcr den Zeitraum, der zur Erreichung des Speicherungszwecks erforderlich ist oder sofern dies durch den Europ\u00e4ischen Richtlinien- und Verordnungsgeber oder einen anderen Gesetzgeber in Gesetzen oder Vorschriften, welchen der f\u00fcr die Verarbeitung Verantwortliche unterliegt, vorgesehen wurde.<\/p>\n<p>Entf\u00e4llt der Speicherungszweck oder l\u00e4uft eine vom Europ\u00e4ischen Richtlinien- und Verordnungsgeber oder einem anderen zust\u00e4ndigen Gesetzgeber vorgeschriebene Speicherfrist ab, werden die personenbezogenen Daten routinem\u00e4\u00dfig und entsprechend den gesetzlichen Vorschriften gesperrt oder gel\u00f6scht.<\/p>\n<p><strong>7. Rechte der betroffenen Person<\/strong><\/p>\n<p data-start=\"2223\" data-end=\"2354\">Die DSGVO gew\u00e4hrt Ihnen als betroffene Person umfassende Rechte. Zur Aus\u00fcbung Ihrer Rechte k\u00f6nnen Sie sich jederzeit an uns wenden:<\/p>\n<p data-start=\"2356\" data-end=\"2469\"><strong data-start=\"2356\" data-end=\"2390\">Kontaktstelle f\u00fcr Datenschutz:<\/strong><br data-start=\"2390\" data-end=\"2393\" \/>Stravex Transport- und Handelsgesellschaft GmbH<br data-start=\"2440\" data-end=\"2443\" \/>E-Mail: <a class=\"decorated-link cursor-pointer\" rel=\"noopener\" data-start=\"2451\" data-end=\"2467\">office@stravex.com<\/a><\/p>\n<p><strong>a)\u00a0 \u00a0Recht auf Best\u00e4tigung und Auskunft<\/strong><\/p>\n<p data-start=\"2520\" data-end=\"2767\">Sie haben das Recht, von uns eine Best\u00e4tigung dar\u00fcber zu verlangen, ob Sie betreffende personenbezogene Daten verarbeitet werden. Ist dies der Fall, haben Sie ein Recht auf unentgeltliche Auskunft \u00fcber diese Daten sowie auf folgende Informationen:<\/p>\n<ul>\n<li style=\"list-style-type: none;\">\n<ul data-start=\"2768\" data-end=\"2962\">\n<li data-section-id=\"1ugohqm\" data-start=\"2768\" data-end=\"2796\">die Verarbeitungszwecke,<\/li>\n<li data-section-id=\"1wn0i\" data-start=\"2797\" data-end=\"2840\">die Kategorien personenbezogener Daten,<\/li>\n<li data-section-id=\"dnioei\" data-start=\"2841\" data-end=\"2890\">die Empf\u00e4nger oder Kategorien von Empf\u00e4ngern,<\/li>\n<li data-section-id=\"g722ys\" data-start=\"2891\" data-end=\"2962\">die geplante Speicherdauer bzw. die Kriterien f\u00fcr deren Festlegung.<\/li>\n<\/ul>\n<\/li>\n<\/ul>\n<p><strong>b)\u00a0 \u00a0 Recht auf Auskunft<\/strong><\/p>\n<p data-start=\"336\" data-end=\"477\">Sie haben das Recht, von uns jederzeit unentgeltlich Auskunft dar\u00fcber zu erhalten, ob wir Sie betreffende personenbezogene Daten verarbeiten.<\/p>\n<p data-start=\"479\" data-end=\"581\">Ist dies der Fall, haben Sie das Recht auf Auskunft \u00fcber diese Daten sowie auf folgende Informationen:<\/p>\n<ul data-start=\"582\" data-end=\"1308\">\n<li data-section-id=\"1ugohqm\" data-start=\"582\" data-end=\"610\">die Verarbeitungszwecke,<\/li>\n<li data-section-id=\"1wn0i\" data-start=\"611\" data-end=\"654\">die Kategorien personenbezogener Daten,<\/li>\n<li data-section-id=\"2c7b7r\" data-start=\"655\" data-end=\"762\">die Empf\u00e4nger oder Kategorien von Empf\u00e4ngern, gegen\u00fcber denen die Daten offengelegt wurden oder werden,<\/li>\n<li data-section-id=\"g724na\" data-start=\"763\" data-end=\"834\">die geplante Speicherdauer bzw. die Kriterien f\u00fcr deren Festlegung,<\/li>\n<li data-section-id=\"1sibrz1\" data-start=\"835\" data-end=\"959\">das Bestehen eines Rechts auf Berichtigung, L\u00f6schung oder Einschr\u00e4nkung der Verarbeitung sowie eines Widerspruchsrechts,<\/li>\n<li data-section-id=\"dm9iy8\" data-start=\"960\" data-end=\"1027\">das Bestehen eines Beschwerderechts bei einer Aufsichtsbeh\u00f6rde,<\/li>\n<li data-section-id=\"1wh2frx\" data-start=\"1028\" data-end=\"1100\">die Herkunft der Daten, sofern diese nicht bei Ihnen erhoben wurden,<\/li>\n<li data-section-id=\"avmiie\" data-start=\"1101\" data-end=\"1308\">das Bestehen einer automatisierten Entscheidungsfindung einschlie\u00dflich Profiling gem\u00e4\u00df Art. 22 DSGVO sowie aussagekr\u00e4ftige Informationen \u00fcber die involvierte Logik, Tragweite und angestrebten Auswirkungen.<\/li>\n<\/ul>\n<p data-start=\"1310\" data-end=\"1527\">Sofern personenbezogene Daten an ein Drittland oder an eine internationale Organisation \u00fcbermittelt werden, haben Sie das Recht, Auskunft \u00fcber die geeigneten Garantien im Zusammenhang mit der \u00dcbermittlung zu erhalten.<\/p>\n<p data-start=\"1529\" data-end=\"1624\">Sie haben au\u00dferdem das Recht, eine Kopie der verarbeiteten personenbezogenen Daten zu erhalten.<\/p>\n<p data-start=\"1626\" data-end=\"1693\">Zur Aus\u00fcbung dieses Rechts k\u00f6nnen Sie sich jederzeit an uns wenden.<\/p>\n<p><strong>c)\u00a0\u00a0\u00a0 Recht auf Berichtigung<\/strong><\/p>\n<p data-start=\"240\" data-end=\"358\">Sie haben das Recht, die unverz\u00fcgliche Berichtigung Sie betreffender unrichtiger personenbezogener Daten zu verlangen.<\/p>\n<p data-start=\"360\" data-end=\"558\">Au\u00dferdem haben Sie das Recht, unter Ber\u00fccksichtigung der Zwecke der Verarbeitung die Vervollst\u00e4ndigung unvollst\u00e4ndiger personenbezogener Daten zu verlangen, auch mittels einer erg\u00e4nzenden Erkl\u00e4rung.<\/p>\n<p data-start=\"560\" data-end=\"627\">Zur Aus\u00fcbung dieses Rechts k\u00f6nnen Sie sich jederzeit an uns wenden.<\/p>\n<p><strong>d)\u00a0\u00a0\u00a0 Recht auf L\u00f6schung\u00a0<\/strong><\/p>\n<p data-start=\"3204\" data-end=\"3386\">Sie haben das Recht, von uns zu verlangen, dass Sie betreffende personenbezogene Daten unverz\u00fcglich gel\u00f6scht werden, sofern einer der gesetzlichen Gr\u00fcnde vorliegt, insbesondere wenn:<\/p>\n<ul data-start=\"3387\" data-end=\"3609\">\n<li data-section-id=\"1kpgf3n\" data-start=\"3387\" data-end=\"3471\">die Daten f\u00fcr die Zwecke, f\u00fcr die sie erhoben wurden, nicht mehr notwendig sind,<\/li>\n<li data-section-id=\"1xkudac\" data-start=\"3472\" data-end=\"3509\">Sie Ihre Einwilligung widerrufen,<\/li>\n<li data-section-id=\"13ayamk\" data-start=\"3510\" data-end=\"3562\">Sie Widerspruch gegen die Verarbeitung einlegen,<\/li>\n<li data-section-id=\"nk8ce\" data-start=\"3563\" data-end=\"3609\">die Verarbeitung unrechtm\u00e4\u00dfig erfolgt ist.<\/li>\n<\/ul>\n<p><strong>e)\u00a0 Recht auf Einschr\u00e4nkung der Verarbeitung<\/strong><\/p>\n<p data-start=\"340\" data-end=\"489\">Sie haben das Recht, die Einschr\u00e4nkung der Verarbeitung Ihrer personenbezogenen Daten zu verlangen, wenn eine der folgenden Voraussetzungen vorliegt:<\/p>\n<ul data-start=\"491\" data-end=\"1093\">\n<li data-section-id=\"1egxwkz\" data-start=\"491\" data-end=\"599\">die Richtigkeit Ihrer personenbezogenen Daten wird von Ihnen bestritten (f\u00fcr die Dauer der \u00dcberpr\u00fcfung),<\/li>\n<li data-section-id=\"ntxd5r\" data-start=\"600\" data-end=\"735\">die Verarbeitung ist unrechtm\u00e4\u00dfig und Sie lehnen die L\u00f6schung der Daten ab und verlangen stattdessen die Einschr\u00e4nkung der Nutzung,<\/li>\n<li data-section-id=\"v38l4t\" data-start=\"736\" data-end=\"919\">wir ben\u00f6tigen die personenbezogenen Daten nicht mehr f\u00fcr die Zwecke der Verarbeitung, Sie ben\u00f6tigen sie jedoch zur Geltendmachung, Aus\u00fcbung oder Verteidigung von Rechtsanspr\u00fcchen,<\/li>\n<li data-section-id=\"1edrqjs\" data-start=\"920\" data-end=\"1093\">Sie haben Widerspruch gegen die Verarbeitung gem\u00e4\u00df Art. 21 Abs. 1 DSGVO eingelegt und es steht noch nicht fest, ob unsere berechtigten Gr\u00fcnde gegen\u00fcber Ihren \u00fcberwiegen.<\/li>\n<\/ul>\n<p data-start=\"1095\" data-end=\"1162\">Zur Aus\u00fcbung dieses Rechts k\u00f6nnen Sie sich jederzeit an uns wenden.<\/p>\n<p><strong>f)\u00a0\u00a0\u00a0\u00a0 Recht auf Daten\u00fcbertragbarkeit<\/strong><\/p>\n<p data-start=\"1282\" data-end=\"1458\">Sie haben das Recht, die Sie betreffenden personenbezogenen Daten, die Sie uns bereitgestellt haben, in einem strukturierten, g\u00e4ngigen und maschinenlesbaren Format zu erhalten.<\/p>\n<p data-start=\"1460\" data-end=\"1583\">Au\u00dferdem haben Sie das Recht, diese Daten einem anderen Verantwortlichen ohne Behinderung durch uns zu \u00fcbermitteln, sofern:<\/p>\n<ul data-start=\"1584\" data-end=\"1782\">\n<li data-section-id=\"1w1tjnt\" data-start=\"1584\" data-end=\"1719\">die Verarbeitung auf Ihrer Einwilligung (Art. 6 Abs. 1 lit. a DSGVO) oder auf einem Vertrag (Art. 6 Abs. 1 lit. b DSGVO) beruht und<\/li>\n<li data-section-id=\"zcf2ea\" data-start=\"1720\" data-end=\"1782\">die Verarbeitung mithilfe automatisierter Verfahren erfolgt.<\/li>\n<\/ul>\n<p data-start=\"1784\" data-end=\"1933\">Sofern technisch machbar, k\u00f6nnen Sie verlangen, dass die personenbezogenen Daten direkt von uns an einen anderen Verantwortlichen \u00fcbermittelt werden.<\/p>\n<p data-start=\"1935\" data-end=\"2111\">Dieses Recht gilt nicht, wenn die Verarbeitung zur Wahrnehmung einer Aufgabe erforderlich ist, die im \u00f6ffentlichen Interesse liegt oder in Aus\u00fcbung \u00f6ffentlicher Gewalt erfolgt.<\/p>\n<p data-start=\"2113\" data-end=\"2180\">Zur Aus\u00fcbung dieses Rechts k\u00f6nnen Sie sich jederzeit an uns wenden.<\/p>\n<p data-start=\"2113\" data-end=\"2180\"><strong>g)\u00a0\u00a0\u00a0 Recht auf Widerspruch<\/strong><\/p>\n<p data-start=\"319\" data-end=\"626\">Sie haben das Recht, aus Gr\u00fcnden, die sich aus Ihrer besonderen Situation ergeben, jederzeit gegen die Verarbeitung Sie betreffender personenbezogener Daten Widerspruch einzulegen, sofern diese auf Art. 6 Abs. 1 lit. e oder f DSGVO beruht. Dies gilt auch f\u00fcr ein auf diese Bestimmungen gest\u00fctztes Profiling.<\/p>\n<p data-start=\"628\" data-end=\"952\">Im Falle eines Widerspruchs verarbeiten wir Ihre personenbezogenen Daten nicht mehr, es sei denn, wir k\u00f6nnen zwingende schutzw\u00fcrdige Gr\u00fcnde f\u00fcr die Verarbeitung nachweisen, die Ihre Interessen, Rechte und Freiheiten \u00fcberwiegen, oder die Verarbeitung dient der Geltendmachung, Aus\u00fcbung oder Verteidigung von Rechtsanspr\u00fcchen.<\/p>\n<p data-start=\"954\" data-end=\"1337\"><strong data-start=\"954\" data-end=\"990\">Widerspruch gegen Direktwerbung:<\/strong><br data-start=\"990\" data-end=\"993\" \/>Werden Ihre personenbezogenen Daten f\u00fcr Zwecke der Direktwerbung verarbeitet, haben Sie das Recht, jederzeit Widerspruch gegen diese Verarbeitung einzulegen. Dies gilt auch f\u00fcr Profiling, soweit es mit solcher Direktwerbung in Verbindung steht. Nach Ihrem Widerspruch werden Ihre personenbezogenen Daten nicht mehr f\u00fcr diese Zwecke verarbeitet.<\/p>\n<p data-start=\"1339\" data-end=\"1732\">Sofern personenbezogene Daten zu wissenschaftlichen oder historischen Forschungszwecken oder zu statistischen Zwecken gem\u00e4\u00df Art. 89 Abs. 1 DSGVO verarbeitet werden, haben Sie ebenfalls das Recht, aus Gr\u00fcnden, die sich aus Ihrer besonderen Situation ergeben, Widerspruch einzulegen, es sei denn, die Verarbeitung ist zur Erf\u00fcllung einer im \u00f6ffentlichen Interesse liegenden Aufgabe erforderlich.<\/p>\n<p data-start=\"1734\" data-end=\"1812\">Zur Aus\u00fcbung Ihres Widerspruchsrechts k\u00f6nnen Sie sich jederzeit an uns wenden.<\/p>\n<p><strong>h)\u00a0\u00a0\u00a0 Automatisierte Entscheidungen im Einzelfall einschlie\u00dflich Profiling<\/strong><\/p>\n<p data-start=\"329\" data-end=\"594\">Sie haben das Recht, nicht einer ausschlie\u00dflich auf einer automatisierten Verarbeitung \u2013 einschlie\u00dflich Profiling \u2013 beruhenden Entscheidung unterworfen zu werden, die Ihnen gegen\u00fcber rechtliche Wirkung entfaltet oder Sie in \u00e4hnlicher Weise erheblich beeintr\u00e4chtigt.<\/p>\n<p data-start=\"596\" data-end=\"635\">Dies gilt nicht, wenn die Entscheidung:<\/p>\n<ul data-start=\"636\" data-end=\"862\">\n<li data-section-id=\"1cqld5p\" data-start=\"636\" data-end=\"709\">f\u00fcr den Abschluss oder die Erf\u00fcllung eines Vertrags erforderlich ist,<\/li>\n<li data-section-id=\"1hurtch\" data-start=\"710\" data-end=\"811\">aufgrund von Rechtsvorschriften der Europ\u00e4ischen Union oder der Mitgliedstaaten zul\u00e4ssig ist oder<\/li>\n<li data-section-id=\"1a36exp\" data-start=\"812\" data-end=\"862\">mit Ihrer ausdr\u00fccklichen Einwilligung erfolgt.<\/li>\n<\/ul>\n<p data-start=\"864\" data-end=\"1020\">In diesen F\u00e4llen stellen wir sicher, dass angemessene Ma\u00dfnahmen zum Schutz Ihrer Rechte und Freiheiten getroffen werden. Dazu geh\u00f6rt insbesondere das Recht:<\/p>\n<ul data-start=\"1021\" data-end=\"1142\">\n<li data-section-id=\"1y2y085\" data-start=\"1021\" data-end=\"1066\">das Eingreifen einer Person zu verlangen,<\/li>\n<li data-section-id=\"18490ye\" data-start=\"1067\" data-end=\"1108\">den eigenen Standpunkt darzulegen und<\/li>\n<li data-section-id=\"gyh9u2\" data-start=\"1109\" data-end=\"1142\">die Entscheidung anzufechten.<\/li>\n<\/ul>\n<p data-start=\"1144\" data-end=\"1210\">Zur Aus\u00fcbung Ihrer Rechte k\u00f6nnen Sie sich jederzeit an uns wenden.<\/p>\n<p><strong>i)\u00a0\u00a0\u00a0\u00a0\u00a0 Recht auf Widerruf einer datenschutzrechtlichen Einwilligung<\/strong><\/p>\n<p data-start=\"299\" data-end=\"447\">Sie haben das Recht, eine einmal erteilte Einwilligung zur Verarbeitung personenbezogener Daten jederzeit mit Wirkung f\u00fcr die Zukunft zu widerrufen.<\/p>\n<p data-start=\"449\" data-end=\"537\">Die Rechtm\u00e4\u00dfigkeit der bis zum Widerruf erfolgten Verarbeitung bleibt hiervon unber\u00fchrt.<\/p>\n<p data-start=\"539\" data-end=\"606\">Zur Aus\u00fcbung dieses Rechts k\u00f6nnen Sie sich jederzeit an uns wenden.<\/p>\n<p><strong>j)\u00a0\u00a0\u00a0\u00a0\u00a0 Recht auf Beschwerde bei einer Aufsichtsbeh\u00f6rde<\/strong><\/p>\n<p data-start=\"403\" data-end=\"575\">Sie haben das Recht, sich bei einer Aufsichtsbeh\u00f6rde zu beschweren, wenn Sie der Ansicht sind, dass die Verarbeitung Ihrer personenbezogenen Daten gegen die DSGVO verst\u00f6\u00dft.<\/p>\n<p data-start=\"577\" data-end=\"696\">Sie k\u00f6nnen sich insbesondere an die f\u00fcr uns zust\u00e4ndige Aufsichtsbeh\u00f6rde wenden:<\/p>\n<p data-start=\"577\" data-end=\"696\"><a href=\"https:\/\/datenschutz-hamburg.de\/\" target=\"_blank\" rel=\"noopener nofollow\">Der Hamburgische Beauftragte f\u00fcr Datenschutz und Informationsfreiheit<\/a><\/p>\n<p><strong>8. Datenschutz bei Bewerbungen und im Bewerbungsverfahren<\/strong><\/p>\n<p data-start=\"1367\" data-end=\"1537\">Die Stravex Transport- und Handelsgesellschaft GmbH erhebt und verarbeitet die personenbezogenen Daten von Bewerbern zum Zwecke der Durchf\u00fchrung des Bewerbungsverfahrens.<\/p>\n<p data-start=\"1539\" data-end=\"1702\">Die Verarbeitung kann auch auf elektronischem Wege erfolgen, insbesondere wenn Bewerbungsunterlagen per E-Mail oder \u00fcber ein Webformular an uns \u00fcbermittelt werden.<\/p>\n<p data-start=\"1704\" data-end=\"2009\"><strong data-start=\"1704\" data-end=\"1725\">Rechtsgrundlagen:<\/strong><br data-start=\"1725\" data-end=\"1728\" \/>Die Verarbeitung erfolgt auf Grundlage von Art. 6 Abs. 1 lit. b DSGVO (vorvertragliche Ma\u00dfnahmen) in Verbindung mit \u00a7 26 BDSG.<br data-start=\"1854\" data-end=\"1857\" \/>Sofern Sie eine Einwilligung erteilen (z. B. zur Aufnahme in einen Bewerberpool), erfolgt die Verarbeitung auf Grundlage von Art. 6 Abs. 1 lit. a DSGVO.<\/p>\n<p data-start=\"2011\" data-end=\"2439\"><strong data-start=\"2011\" data-end=\"2035\">Empf\u00e4nger der Daten:<\/strong><br data-start=\"2035\" data-end=\"2038\" \/>Innerhalb unseres Unternehmens erhalten nur diejenigen Stellen Zugriff auf Ihre Daten, die in den Bewerbungsprozess eingebunden sind. Eine Weitergabe an Dritte erfolgt nicht, es sei denn, dies ist gesetzlich erforderlich oder Sie haben ausdr\u00fccklich eingewilligt. Technische Dienstleister (z. B. Hosting- oder E-Mail-Anbieter) k\u00f6nnen im Rahmen einer Auftragsverarbeitung Zugriff auf die Daten erhalten.<\/p>\n<p data-start=\"2441\" data-end=\"2461\"><strong data-start=\"2441\" data-end=\"2459\">Speicherdauer:<\/strong><\/p>\n<ul data-start=\"2462\" data-end=\"3116\">\n<li data-section-id=\"cd6yf0\" data-start=\"2462\" data-end=\"2691\">Wird ein Anstellungsvertrag geschlossen, werden die \u00fcbermittelten Daten zum Zwecke der Durchf\u00fchrung des Besch\u00e4ftigungsverh\u00e4ltnisses unter Beachtung der gesetzlichen Vorschriften gespeichert und in die Personalakte \u00fcbernommen.<\/li>\n<li data-section-id=\"g1mukc\" data-start=\"2692\" data-end=\"2992\">Wird kein Vertrag geschlossen, werden die Bewerbungsunterlagen in der Regel <strong data-start=\"2770\" data-end=\"2835\">sechs Monate nach Bekanntgabe der Absageentscheidung gel\u00f6scht<\/strong>, sofern keine l\u00e4ngere Speicherung zur Verteidigung gegen rechtliche Anspr\u00fcche (z. B. nach dem Allgemeinen Gleichbehandlungsgesetz (AGG)) erforderlich ist.<\/li>\n<li data-section-id=\"7yfemf\" data-start=\"2993\" data-end=\"3116\">In diesem Fall erfolgt eine Einschr\u00e4nkung der Verarbeitung und die Daten werden nach Abschluss des Verfahrens gel\u00f6scht.<\/li>\n<\/ul>\n<p><strong>9. Rechtsgrundlage der Verarbeitung<\/strong><\/p>\n<p>Art. 6 I lit. a DS-GVO dient unserem Unternehmen als Rechtsgrundlage f\u00fcr Verarbeitungsvorg\u00e4nge, bei denen wir eine Einwilligung f\u00fcr einen bestimmten Verarbeitungszweck einholen. Ist die Verarbeitung personenbezogener Daten zur Erf\u00fcllung eines Vertrags, dessen Vertragspartei die betroffene Person ist, erforderlich, wie dies beispielsweise bei Verarbeitungsvorg\u00e4ngen der Fall ist, die f\u00fcr eine Lieferung von Waren oder die Erbringung einer sonstigen Leistung oder Gegenleistung notwendig sind, so beruht die Verarbeitung auf Art. 6 I lit. b DS-GVO. Gleiches gilt f\u00fcr solche Verarbeitungsvorg\u00e4nge die zur Durchf\u00fchrung vorvertraglicher Ma\u00dfnahmen erforderlich sind, etwa in F\u00e4llen von Anfragen zu unseren Produkten oder Leistungen. Unterliegt unser Unternehmen einer rechtlichen Verpflichtung durch welche eine Verarbeitung von personenbezogenen Daten erforderlich wird, wie beispielsweise zur Erf\u00fcllung steuerlicher Pflichten, so basiert die Verarbeitung auf Art. 6 I lit. c DS-GVO. In seltenen F\u00e4llen k\u00f6nnte die Verarbeitung von personenbezogenen Daten erforderlich werden, um lebenswichtige Interessen der betroffenen Person oder einer anderen nat\u00fcrlichen Person zu sch\u00fctzen. Dies w\u00e4re beispielsweise der Fall, wenn ein Besucher in unserem Betrieb verletzt werden w\u00fcrde und daraufhin sein Name, sein Alter, seine Krankenkassendaten oder sonstige lebenswichtige Informationen an einen Arzt, ein Krankenhaus oder sonstige Dritte weitergegeben werden m\u00fcssten. Dann w\u00fcrde die Verarbeitung auf Art. 6 I lit. d DS-GVO beruhen. Letztlich k\u00f6nnten Verarbeitungsvorg\u00e4nge auf Art. 6 I lit. f DS-GVO beruhen. Auf dieser Rechtsgrundlage basieren Verarbeitungsvorg\u00e4nge, die von keiner der vorgenannten Rechtsgrundlagen erfasst werden, wenn die Verarbeitung zur Wahrung eines berechtigten Interesses unseres Unternehmens oder eines Dritten erforderlich ist, sofern die Interessen, Grundrechte und Grundfreiheiten des Betroffenen nicht \u00fcberwiegen. Solche Verarbeitungsvorg\u00e4nge sind uns insbesondere deshalb gestattet, weil sie durch den Europ\u00e4ischen Gesetzgeber besonders erw\u00e4hnt wurden. Er vertrat insoweit die Auffassung, dass ein berechtigtes Interesse anzunehmen sein k\u00f6nnte, wenn die betroffene Person ein Kunde des Verantwortlichen ist (Erw\u00e4gungsgrund 47 Satz 2 DS-GVO).<\/p>\n<p><strong>10. Berechtigte Interessen an der Verarbeitung, die von dem Verantwortlichen oder einem Dritten verfolgt werden<\/strong><\/p>\n<p data-start=\"1174\" data-end=\"1312\">Soweit wir personenbezogene Daten auf Grundlage von Art. 6 Abs. 1 lit. f DSGVO verarbeiten, verfolgen wir folgende berechtigte Interessen:<\/p>\n<ul data-start=\"1314\" data-end=\"1956\">\n<li data-section-id=\"2c2hgc\" data-start=\"1314\" data-end=\"1480\"><strong data-start=\"1316\" data-end=\"1359\">Betrieb und Sicherheit unserer Website:<\/strong><br data-start=\"1359\" data-end=\"1362\" \/>Gew\u00e4hrleistung der Funktionsf\u00e4higkeit, Stabilit\u00e4t und Sicherheit unserer Internetseite (z. B. durch Server-Logfiles)<\/li>\n<li data-section-id=\"1w7l29w\" data-start=\"1482\" data-end=\"1622\"><strong data-start=\"1484\" data-end=\"1521\">IT-Sicherheit und Gefahrenabwehr:<\/strong><br data-start=\"1521\" data-end=\"1524\" \/>Erkennung, Abwehr und Dokumentation von Angriffen auf unsere informationstechnologischen Systeme<\/li>\n<li data-section-id=\"1htx6ml\" data-start=\"1624\" data-end=\"1738\"><strong data-start=\"1626\" data-end=\"1656\">Beantwortung von Anfragen:<\/strong><br data-start=\"1656\" data-end=\"1659\" \/>Bearbeitung allgemeiner Anfragen, sofern keine vertragliche Beziehung besteht<\/li>\n<li data-section-id=\"ox0oh1\" data-start=\"1740\" data-end=\"1885\"><strong data-start=\"1742\" data-end=\"1760\">Direktwerbung:<\/strong><br data-start=\"1760\" data-end=\"1763\" \/>Werbung f\u00fcr eigene \u00e4hnliche Produkte oder Dienstleistungen gegen\u00fcber Bestandskunden, soweit dies gesetzlich zul\u00e4ssig ist<\/li>\n<li data-section-id=\"1d6a382\" data-start=\"1887\" data-end=\"1956\"><strong data-start=\"1889\" data-end=\"1956\">Geltendmachung, Aus\u00fcbung oder Verteidigung von Rechtsanspr\u00fcchen<\/strong><\/li>\n<\/ul>\n<p data-start=\"1958\" data-end=\"2266\">Im Rahmen der erforderlichen Interessenabw\u00e4gung stellen wir sicher, dass Ihre schutzw\u00fcrdigen Interessen, Grundrechte und Grundfreiheiten nicht \u00fcberwiegen. Hierzu ergreifen wir geeignete Ma\u00dfnahmen, wie z. B. Datenminimierung, kurze Speicherfristen und \u2013 soweit m\u00f6glich \u2013 Pseudonymisierung oder Anonymisierung.<\/p>\n<p data-start=\"2268\" data-end=\"2514\"><strong data-start=\"2268\" data-end=\"2290\">Widerspruchsrecht:<\/strong><br data-start=\"2290\" data-end=\"2293\" \/>Sie haben das Recht, aus Gr\u00fcnden, die sich aus Ihrer besonderen Situation ergeben, jederzeit Widerspruch gegen die Verarbeitung Ihrer personenbezogenen Daten einzulegen, sofern diese auf Art. 6 Abs. 1 lit. f DSGVO beruht.<\/p>\n<p><strong>11. Dauer, f\u00fcr die die personenbezogenen Daten gespeichert werden<\/strong><\/p>\n<p>Das Kriterium f\u00fcr die Dauer der Speicherung von personenbezogenen Daten ist die jeweilige gesetzliche Aufbewahrungsfrist. Nach Ablauf der Frist werden die entsprechenden Daten routinem\u00e4\u00dfig gel\u00f6scht, sofern sie nicht mehr zur Vertragserf\u00fcllung oder Vertragsanbahnung erforderlich sind.<\/p>\n<p><strong>12. Gesetzliche oder vertragliche Vorschriften zur Bereitstellung der personenbezogenen Daten; Erforderlichkeit f\u00fcr den Vertragsabschluss; Verpflichtung der betroffenen Person, die personenbezogenen Daten bereitzustellen; m\u00f6gliche Folgen der Nichtbereitstellung<\/strong><\/p>\n<p data-start=\"499\" data-end=\"757\">Die Bereitstellung personenbezogener Daten kann gesetzlich vorgeschrieben sein (z. B. aufgrund steuer- oder handelsrechtlicher Vorschriften) oder sich aus vertraglichen Regelungen ergeben (z. B. Angaben zum Vertragspartner, Lieferadresse oder Zahlungsdaten).<\/p>\n<p data-start=\"759\" data-end=\"1069\">F\u00fcr den Abschluss eines Vertrags mit unserem Unternehmen ist es in der Regel erforderlich, dass Sie uns bestimmte personenbezogene Daten zur Verf\u00fcgung stellen. Welche Daten im Einzelfall erforderlich sind, ergibt sich aus den jeweiligen Eingabemasken oder wird Ihnen im Rahmen der Vertragsanbahnung mitgeteilt.<\/p>\n<p data-start=\"1071\" data-end=\"1263\">Ohne die Bereitstellung dieser Daten ist ein Vertragsschluss in der Regel nicht m\u00f6glich, da wir unsere vertraglichen Leistungen (z. B. Lieferung oder Rechnungsstellung) nicht erbringen k\u00f6nnen.<\/p>\n<p data-start=\"1265\" data-end=\"1655\"><strong data-start=\"1265\" data-end=\"1300\">Folgen der Nichtbereitstellung:<\/strong><br data-start=\"1300\" data-end=\"1303\" \/>Wenn Sie uns die f\u00fcr den Vertragsabschluss erforderlichen Daten nicht zur Verf\u00fcgung stellen, kann der Vertrag nicht zustande kommen oder nicht wie vorgesehen durchgef\u00fchrt werden.<br data-start=\"1481\" data-end=\"1484\" \/>Sofern bestimmte Daten gesetzlich vorgeschrieben sind, kann die Nichtbereitstellung dazu f\u00fchren, dass wir den Vertrag aus rechtlichen Gr\u00fcnden ablehnen oder beenden m\u00fcssen.<\/p>\n<p data-start=\"1657\" data-end=\"1738\">Die Bereitstellung dar\u00fcber hinausgehender personenbezogener Daten ist freiwillig.<\/p>\n<p><strong>13. Bestehen einer automatisierten Entscheidungsfindung<\/strong><\/p>\n<p>Als verantwortungsbewusstes Unternehmen verzichten wir auf eine automatische Entscheidungsfindung oder ein Profiling.<\/p>\n<hr \/>\n<p>&nbsp;<\/p>\n<\/div><\/div><\/div><\/div><\/div>","protected":false},"excerpt":{"rendered":"<p>Weltweiter Lufttransport von Frankfurt, Berlin, Hamburg, London, Amsterdam, L\u00fcttich, Wien nach Z\u00fcrich \u2013 schnelle und zuverl\u00e4ssige Luftfracht \u2026<\/p>\n","protected":false},"author":1,"featured_media":0,"parent":0,"menu_order":0,"comment_status":"closed","ping_status":"open","template":"page-service.php","meta":{"_acf_changed":false,"footnotes":""},"class_list":["post-4275","page","type-page","status-publish","hentry"],"acf":[],"_links":{"self":[{"href":"https:\/\/www.stravex.com\/de\/wp-json\/wp\/v2\/pages\/4275","targetHints":{"allow":["GET"]}}],"collection":[{"href":"https:\/\/www.stravex.com\/de\/wp-json\/wp\/v2\/pages"}],"about":[{"href":"https:\/\/www.stravex.com\/de\/wp-json\/wp\/v2\/types\/page"}],"author":[{"embeddable":true,"href":"https:\/\/www.stravex.com\/de\/wp-json\/wp\/v2\/users\/1"}],"replies":[{"embeddable":true,"href":"https:\/\/www.stravex.com\/de\/wp-json\/wp\/v2\/comments?post=4275"}],"version-history":[{"count":6,"href":"https:\/\/www.stravex.com\/de\/wp-json\/wp\/v2\/pages\/4275\/revisions"}],"predecessor-version":[{"id":6095,"href":"https:\/\/www.stravex.com\/de\/wp-json\/wp\/v2\/pages\/4275\/revisions\/6095"}],"wp:attachment":[{"href":"https:\/\/www.stravex.com\/de\/wp-json\/wp\/v2\/media?parent=4275"}],"curies":[{"name":"wp","href":"https:\/\/api.w.org\/{rel}","templated":true}]}}