{"id":4160,"date":"2025-06-29T16:03:47","date_gmt":"2025-06-29T14:03:47","guid":{"rendered":"https:\/\/www.stravex.com\/?page_id=4160"},"modified":"2025-10-08T09:16:13","modified_gmt":"2025-10-08T06:16:13","slug":"spedition-europa","status":"publish","type":"page","link":"https:\/\/www.stravex.com\/de\/spedition-europa","title":{"rendered":"Spedition Europa"},"content":{"rendered":"<div id=\"pl-4160\"  class=\"panel-layout\" ><div id=\"pg-4160-0\"  class=\"panel-grid panel-has-style\" ><div class=\"country panel-row-style panel-row-style-for-4160-0\" ><div id=\"pgc-4160-0-0\"  class=\"panel-grid-cell\" ><div id=\"panel-4160-0-0-0\" class=\"so-panel widget widget_pw_featured_page widget-featured-page panel-first-child panel-last-child\" data-index=\"0\" >\n\t<div class=\"page-box  page-box--block\">\n\t\t\t\t\t\t\t\t\t<a class=\"page-box__picture\" href=\"https:\/\/www.stravex.com\/de\/spedition-europa-transporte\">\n\t\t\t\t\t<img loading=\"lazy\" decoding=\"async\" src=\"https:\/\/www.stravex.com\/wp-content\/uploads\/2025\/07\/eu-360x240.jpg\" width=\"360\" height=\"240\" srcset=\"https:\/\/www.stravex.com\/wp-content\/uploads\/2025\/07\/eu-360x240.jpg 360w, https:\/\/www.stravex.com\/wp-content\/uploads\/2025\/07\/eu.jpg 2388w\" sizes=\"auto, (min-width: 992px) 360px, calc(100vw - 30px)\" class=\"wp-post-image\" alt=\"Internationale Spedition: Transporte in Europa\" title=\"\">\n\t\t\t\t<\/a>\n\t\t\t\t\t\t\t<div class=\"page-box__content\">\n\t\t\t<h5 class=\"page-box__title text-uppercase\"><a href=\"https:\/\/www.stravex.com\/de\/spedition-europa-transporte\">Internationale Spedition: Transporte in Europa<\/a><\/h5>\n\t\t\t<p>Weltweite Frachttransporte von und nach Europa<\/p>\n\t\t\t\t\t\t\t<p><a href=\"https:\/\/www.stravex.com\/de\/spedition-europa-transporte\" class=\"read-more  read-more--page-box\">Mehr lesen<\/a><\/p>\n\t\t\t\t\t<\/div>\n\t<\/div>\n\n<\/div><\/div><div id=\"pgc-4160-0-1\"  class=\"panel-grid-cell\" ><div id=\"panel-4160-0-1-0\" class=\"so-panel widget widget_pw_featured_page widget-featured-page panel-first-child panel-last-child\" data-index=\"1\" >\n\t<div class=\"page-box  page-box--block\">\n\t\t\t\t\t\t\t\t\t<a class=\"page-box__picture\" href=\"https:\/\/www.stravex.com\/de\/spedition-hamburg-deutschland-logistik-transport\">\n\t\t\t\t\t<img loading=\"lazy\" decoding=\"async\" src=\"https:\/\/www.stravex.com\/wp-content\/uploads\/2025\/06\/Germany-360x240.jpg\" width=\"360\" height=\"240\" srcset=\"https:\/\/www.stravex.com\/wp-content\/uploads\/2025\/06\/Germany-360x240.jpg 360w, https:\/\/www.stravex.com\/wp-content\/uploads\/2025\/06\/Germany.jpg 1918w\" sizes=\"auto, (min-width: 992px) 360px, calc(100vw - 30px)\" class=\"wp-post-image\" alt=\"Spedition in Hamburg, internationale Transporte von und nach Deutschland\" title=\"\">\n\t\t\t\t<\/a>\n\t\t\t\t\t\t\t<div class=\"page-box__content\">\n\t\t\t<h5 class=\"page-box__title text-uppercase\"><a href=\"https:\/\/www.stravex.com\/de\/spedition-hamburg-deutschland-logistik-transport\">Spedition in Hamburg, internationale Transporte von und nach Deutschland<\/a><\/h5>\n\t\t\t<p>Effiziente weltweite Logistik von und nach Deutschland<\/p>\n\t\t\t\t\t\t\t<p><a href=\"https:\/\/www.stravex.com\/de\/spedition-hamburg-deutschland-logistik-transport\" class=\"read-more  read-more--page-box\">Mehr lesen<\/a><\/p>\n\t\t\t\t\t<\/div>\n\t<\/div>\n\n<\/div><\/div><div id=\"pgc-4160-0-2\"  class=\"panel-grid-cell\" ><div id=\"panel-4160-0-2-0\" class=\"so-panel widget widget_pw_featured_page widget-featured-page panel-first-child panel-last-child\" data-index=\"2\" >\n\t<div class=\"page-box  page-box--block\">\n\t\t\t\t\t\t\t\t\t<a class=\"page-box__picture\" href=\"https:\/\/www.stravex.com\/de\/spedition-schweiz-transport\">\n\t\t\t\t\t<img loading=\"lazy\" decoding=\"async\" src=\"https:\/\/www.stravex.com\/wp-content\/uploads\/2025\/07\/SchweizFlag-360x240.jpg\" width=\"360\" height=\"240\" srcset=\"https:\/\/www.stravex.com\/wp-content\/uploads\/2025\/07\/SchweizFlag-360x240.jpg 360w, https:\/\/www.stravex.com\/wp-content\/uploads\/2025\/07\/SchweizFlag.jpg 1920w\" sizes=\"auto, (min-width: 992px) 360px, calc(100vw - 30px)\" class=\"wp-post-image\" alt=\"Internationale Spedition Schweiz: Transporte per LKW, Bahn, Flug und Schiff\" title=\"\">\n\t\t\t\t<\/a>\n\t\t\t\t\t\t\t<div class=\"page-box__content\">\n\t\t\t<h5 class=\"page-box__title text-uppercase\"><a href=\"https:\/\/www.stravex.com\/de\/spedition-schweiz-transport\">Internationale Spedition Schweiz: Transporte per LKW, Bahn, Flug und Schiff<\/a><\/h5>\n\t\t\t<p>Frachttransporte Schweiz- die EU, die USA & weltweit<\/p>\n\t\t\t\t\t\t\t<p><a href=\"https:\/\/www.stravex.com\/de\/spedition-schweiz-transport\" class=\"read-more  read-more--page-box\">Mehr lesen<\/a><\/p>\n\t\t\t\t\t<\/div>\n\t<\/div>\n\n<\/div><\/div><div id=\"pgc-4160-0-3\"  class=\"panel-grid-cell\" ><div id=\"panel-4160-0-3-0\" class=\"so-panel widget widget_pw_featured_page widget-featured-page panel-first-child panel-last-child\" data-index=\"3\" >\n\t<div class=\"page-box  page-box--block\">\n\t\t\t\t\t\t\t\t\t<a class=\"page-box__picture\" href=\"https:\/\/www.stravex.com\/de\/spedition-osterreich-transport\">\n\t\t\t\t\t<img loading=\"lazy\" decoding=\"async\" src=\"https:\/\/www.stravex.com\/wp-content\/uploads\/2025\/07\/Austria-360x240.jpg\" width=\"360\" height=\"240\" srcset=\"https:\/\/www.stravex.com\/wp-content\/uploads\/2025\/07\/Austria-360x240.jpg 360w, https:\/\/www.stravex.com\/wp-content\/uploads\/2025\/07\/Austria.jpg 1080w\" sizes=\"auto, (min-width: 992px) 360px, calc(100vw - 30px)\" class=\"wp-post-image\" alt=\"Internationale Transporte von und nach \u00d6sterreich\" title=\"\">\n\t\t\t\t<\/a>\n\t\t\t\t\t\t\t<div class=\"page-box__content\">\n\t\t\t<h5 class=\"page-box__title text-uppercase\"><a href=\"https:\/\/www.stravex.com\/de\/spedition-osterreich-transport\">Internationale Transporte von und nach \u00d6sterreich<\/a><\/h5>\n\t\t\t<p>Effiziente Logistik \u00d6sterreich - Deutschland, Europa & weltweit<\/p>\n\t\t\t\t\t\t\t<p><a href=\"https:\/\/www.stravex.com\/de\/spedition-osterreich-transport\" class=\"read-more  read-more--page-box\">Mehr lesen<\/a><\/p>\n\t\t\t\t\t<\/div>\n\t<\/div>\n\n<\/div><\/div><\/div><\/div><div id=\"pg-4160-1\"  class=\"panel-grid panel-has-style\" ><div class=\"country panel-row-style panel-row-style-for-4160-1\" ><div id=\"pgc-4160-1-0\"  class=\"panel-grid-cell\" ><div id=\"panel-4160-1-0-0\" class=\"so-panel widget widget_pw_featured_page widget-featured-page panel-first-child panel-last-child\" data-index=\"4\" >\n\t<div class=\"page-box  page-box--block\">\n\t\t\t\t\t\t\t\t\t<a class=\"page-box__picture\" href=\"https:\/\/www.stravex.com\/de\/spedition-italien-transport-logistik\">\n\t\t\t\t\t<img loading=\"lazy\" decoding=\"async\" src=\"https:\/\/www.stravex.com\/wp-content\/uploads\/2025\/07\/ItalyFlag-360x240.jpg\" width=\"360\" height=\"240\" srcset=\"https:\/\/www.stravex.com\/wp-content\/uploads\/2025\/07\/ItalyFlag-360x240.jpg 360w, https:\/\/www.stravex.com\/wp-content\/uploads\/2025\/07\/ItalyFlag.jpg 1920w\" sizes=\"auto, (min-width: 992px) 360px, calc(100vw - 30px)\" class=\"wp-post-image\" alt=\"Spedition von Deutschland, \u00d6sterreich und der Schweiz nach Italien\" title=\"\">\n\t\t\t\t<\/a>\n\t\t\t\t\t\t\t<div class=\"page-box__content\">\n\t\t\t<h5 class=\"page-box__title text-uppercase\"><a href=\"https:\/\/www.stravex.com\/de\/spedition-italien-transport-logistik\">Spedition von Deutschland, \u00d6sterreich und der Schweiz nach Italien<\/a><\/h5>\n\t\t\t<p>Transporte zwischen Italien, Deutschland, \u00d6sterreich & der Schweiz<\/p>\n\t\t\t\t\t\t\t<p><a href=\"https:\/\/www.stravex.com\/de\/spedition-italien-transport-logistik\" class=\"read-more  read-more--page-box\">Mehr lesen<\/a><\/p>\n\t\t\t\t\t<\/div>\n\t<\/div>\n\n<\/div><\/div><div id=\"pgc-4160-1-1\"  class=\"panel-grid-cell\" ><div id=\"panel-4160-1-1-0\" class=\"so-panel widget widget_pw_featured_page widget-featured-page panel-first-child panel-last-child\" data-index=\"5\" >\n\t<div class=\"page-box  page-box--block\">\n\t\t\t\t\t\t\t\t\t<a class=\"page-box__picture\" href=\"https:\/\/www.stravex.com\/de\/spedition-frankreich-transport-monako\">\n\t\t\t\t\t<img loading=\"lazy\" decoding=\"async\" src=\"https:\/\/www.stravex.com\/wp-content\/uploads\/2025\/07\/FranceFlage-360x240.jpg\" width=\"360\" height=\"240\" srcset=\"https:\/\/www.stravex.com\/wp-content\/uploads\/2025\/07\/FranceFlage-360x240.jpg 360w, https:\/\/www.stravex.com\/wp-content\/uploads\/2025\/07\/FranceFlage.jpg 1920w\" sizes=\"auto, (min-width: 992px) 360px, calc(100vw - 30px)\" class=\"wp-post-image\" alt=\"Spedition von und nach Frankreich und Monaco\" title=\"\">\n\t\t\t\t<\/a>\n\t\t\t\t\t\t\t<div class=\"page-box__content\">\n\t\t\t<h5 class=\"page-box__title text-uppercase\"><a href=\"https:\/\/www.stravex.com\/de\/spedition-frankreich-transport-monako\">Spedition von und nach Frankreich und Monaco<\/a><\/h5>\n\t\t\t<p>Ihre Spedition f\u00fcr Transporte nach Frankreich und Monaco<\/p>\n\t\t\t\t\t\t\t<p><a href=\"https:\/\/www.stravex.com\/de\/spedition-frankreich-transport-monako\" class=\"read-more  read-more--page-box\">Mehr lesen<\/a><\/p>\n\t\t\t\t\t<\/div>\n\t<\/div>\n\n<\/div><\/div><div id=\"pgc-4160-1-2\"  class=\"panel-grid-cell\" ><div id=\"panel-4160-1-2-0\" class=\"so-panel widget widget_pw_featured_page widget-featured-page panel-first-child panel-last-child\" data-index=\"6\" >\n\t<div class=\"page-box  page-box--block\">\n\t\t\t\t\t\t\t\t\t<a class=\"page-box__picture\" href=\"https:\/\/www.stravex.com\/de\/spedition-england-irland-logistik-transport\">\n\t\t\t\t\t<img loading=\"lazy\" decoding=\"async\" src=\"https:\/\/www.stravex.com\/wp-content\/uploads\/2025\/06\/uk_flag-360x240.jpg\" width=\"360\" height=\"240\" srcset=\"https:\/\/www.stravex.com\/wp-content\/uploads\/2025\/06\/uk_flag-360x240.jpg 360w, https:\/\/www.stravex.com\/wp-content\/uploads\/2025\/06\/uk_flag.jpg 827w\" sizes=\"auto, (min-width: 992px) 360px, calc(100vw - 30px)\" class=\"wp-post-image\" alt=\"Spedition und Zoll: England, Nordirland, Schottland, Wales &amp; Irland\" title=\"\">\n\t\t\t\t<\/a>\n\t\t\t\t\t\t\t<div class=\"page-box__content\">\n\t\t\t<h5 class=\"page-box__title text-uppercase\"><a href=\"https:\/\/www.stravex.com\/de\/spedition-england-irland-logistik-transport\">Spedition und Zoll: England, Nordirland, Schottland, Wales &amp; Irland<\/a><\/h5>\n\t\t\t<p>Internationale Transporte nach Gro\u00dfbritannien und Irland<\/p>\n\t\t\t\t\t\t\t<p><a href=\"https:\/\/www.stravex.com\/de\/spedition-england-irland-logistik-transport\" class=\"read-more  read-more--page-box\">Mehr lesen<\/a><\/p>\n\t\t\t\t\t<\/div>\n\t<\/div>\n\n<\/div><\/div><div id=\"pgc-4160-1-3\"  class=\"panel-grid-cell\" ><div id=\"panel-4160-1-3-0\" class=\"so-panel widget widget_pw_featured_page widget-featured-page panel-first-child panel-last-child\" data-index=\"7\" >\n\t<div class=\"page-box  page-box--block\">\n\t\t\t\t\t\t\t\t\t<a class=\"page-box__picture\" href=\"https:\/\/www.stravex.com\/de\/spedition-polen-logistik\">\n\t\t\t\t\t<img loading=\"lazy\" decoding=\"async\" src=\"https:\/\/www.stravex.com\/wp-content\/uploads\/2025\/06\/Poland-360x240.jpg\" width=\"360\" height=\"240\" srcset=\"https:\/\/www.stravex.com\/wp-content\/uploads\/2025\/06\/Poland-360x240.jpg 360w, https:\/\/www.stravex.com\/wp-content\/uploads\/2025\/06\/Poland.jpg 2000w\" sizes=\"auto, (min-width: 992px) 360px, calc(100vw - 30px)\" class=\"wp-post-image\" alt=\"Spedition Polen: Transporte nach Deutschland, \u00d6sterreich und in die Schweiz\" title=\"\">\n\t\t\t\t<\/a>\n\t\t\t\t\t\t\t<div class=\"page-box__content\">\n\t\t\t<h5 class=\"page-box__title text-uppercase\"><a href=\"https:\/\/www.stravex.com\/de\/spedition-polen-logistik\">Spedition Polen: Transporte nach Deutschland, \u00d6sterreich und in die Schweiz<\/a><\/h5>\n\t\t\t<p>Professionelle Logistikl\u00f6sungen zwischen Deutschland und Polen<\/p>\n\t\t\t\t\t\t\t<p><a href=\"https:\/\/www.stravex.com\/de\/spedition-polen-logistik\" class=\"read-more  read-more--page-box\">Mehr lesen<\/a><\/p>\n\t\t\t\t\t<\/div>\n\t<\/div>\n\n<\/div><\/div><\/div><\/div><div id=\"pg-4160-2\"  class=\"panel-grid panel-has-style\" ><div class=\"country panel-row-style panel-row-style-for-4160-2\" ><div id=\"pgc-4160-2-0\"  class=\"panel-grid-cell\" ><div id=\"panel-4160-2-0-0\" class=\"so-panel widget widget_pw_featured_page widget-featured-page panel-first-child panel-last-child\" data-index=\"8\" >\n\t<div class=\"page-box  page-box--block\">\n\t\t\t\t\t\t\t\t\t<a class=\"page-box__picture\" href=\"https:\/\/www.stravex.com\/de\/spedition-ukraine-logistik\">\n\t\t\t\t\t<img loading=\"lazy\" decoding=\"async\" src=\"https:\/\/www.stravex.com\/wp-content\/uploads\/2025\/06\/Ukraina-360x240.jpg\" width=\"360\" height=\"240\" srcset=\"https:\/\/www.stravex.com\/wp-content\/uploads\/2025\/06\/Ukraina-360x240.jpg 360w, https:\/\/www.stravex.com\/wp-content\/uploads\/2025\/06\/Ukraina.jpg 827w\" sizes=\"auto, (min-width: 992px) 360px, calc(100vw - 30px)\" class=\"wp-post-image\" alt=\"Spedition Ukraine - Transporte &amp; Logistik in die Ukraine aus Deutschland, \u00d6sterreich &amp; der Schweiz\" title=\"\">\n\t\t\t\t<\/a>\n\t\t\t\t\t\t\t<div class=\"page-box__content\">\n\t\t\t<h5 class=\"page-box__title text-uppercase\"><a href=\"https:\/\/www.stravex.com\/de\/spedition-ukraine-logistik\">Spedition Ukraine - Transporte &amp; Logistik in die Ukraine aus Deutschland, \u00d6sterreich &amp; der Schweiz<\/a><\/h5>\n\t\t\t<p>Optimale Transportl\u00f6sungen f\u00fcr Ihre Ukraine-Logistik<\/p>\n\t\t\t\t\t\t\t<p><a href=\"https:\/\/www.stravex.com\/de\/spedition-ukraine-logistik\" class=\"read-more  read-more--page-box\">Mehr lesen<\/a><\/p>\n\t\t\t\t\t<\/div>\n\t<\/div>\n\n<\/div><\/div><div id=\"pgc-4160-2-1\"  class=\"panel-grid-cell\" ><div id=\"panel-4160-2-1-0\" class=\"so-panel widget widget_pw_featured_page widget-featured-page panel-first-child panel-last-child\" data-index=\"9\" >\n\t<div class=\"page-box  page-box--block\">\n\t\t\t\t\t\t\t\t\t<a class=\"page-box__picture\" href=\"https:\/\/www.stravex.com\/de\/spedition-serbien-kroatien-slowenien-albanien\">\n\t\t\t\t\t<img loading=\"lazy\" decoding=\"async\" src=\"https:\/\/www.stravex.com\/wp-content\/uploads\/2025\/06\/Serbien-360x240.jpg\" width=\"360\" height=\"240\" srcset=\"https:\/\/www.stravex.com\/wp-content\/uploads\/2025\/06\/Serbien-360x240.jpg 360w, https:\/\/www.stravex.com\/wp-content\/uploads\/2025\/06\/Serbien.jpg 829w\" sizes=\"auto, (min-width: 992px) 360px, calc(100vw - 30px)\" class=\"wp-post-image\" alt=\"Spedition nach Serbien, Kroatien, Slowenien, Montenegro und Albanien\" title=\"\">\n\t\t\t\t<\/a>\n\t\t\t\t\t\t\t<div class=\"page-box__content\">\n\t\t\t<h5 class=\"page-box__title text-uppercase\"><a href=\"https:\/\/www.stravex.com\/de\/spedition-serbien-kroatien-slowenien-albanien\">Spedition nach Serbien, Kroatien, Slowenien, Montenegro und Albanien<\/a><\/h5>\n\t\t\t<p>Professionelle Transport- und Logistikl\u00f6sungen f\u00fcr die Balkanl\u00e4nder<\/p>\n\t\t\t\t\t\t\t<p><a href=\"https:\/\/www.stravex.com\/de\/spedition-serbien-kroatien-slowenien-albanien\" class=\"read-more  read-more--page-box\">Mehr lesen<\/a><\/p>\n\t\t\t\t\t<\/div>\n\t<\/div>\n\n<\/div><\/div><div id=\"pgc-4160-2-2\"  class=\"panel-grid-cell\" ><div id=\"panel-4160-2-2-0\" class=\"so-panel widget widget_pw_featured_page widget-featured-page panel-first-child panel-last-child\" data-index=\"10\" >\n\t<div class=\"page-box  page-box--block\">\n\t\t\t\t\t\t\t\t\t<a class=\"page-box__picture\" href=\"https:\/\/www.stravex.com\/de\/spedition-griechenland-logistik\">\n\t\t\t\t\t<img loading=\"lazy\" decoding=\"async\" src=\"https:\/\/www.stravex.com\/wp-content\/uploads\/2025\/07\/GreeceFlag-360x240.jpg\" width=\"360\" height=\"240\" srcset=\"https:\/\/www.stravex.com\/wp-content\/uploads\/2025\/07\/GreeceFlag-360x240.jpg 360w, https:\/\/www.stravex.com\/wp-content\/uploads\/2025\/07\/GreeceFlag.jpg 1920w\" sizes=\"auto, (min-width: 992px) 360px, calc(100vw - 30px)\" class=\"wp-post-image\" alt=\"Spedition Griechenland: Transporte von Deutschland, \u00d6sterreich und aus der Schweiz\" title=\"\">\n\t\t\t\t<\/a>\n\t\t\t\t\t\t\t<div class=\"page-box__content\">\n\t\t\t<h5 class=\"page-box__title text-uppercase\"><a href=\"https:\/\/www.stravex.com\/de\/spedition-griechenland-logistik\">Spedition Griechenland: Transporte von Deutschland, \u00d6sterreich und aus der Schweiz<\/a><\/h5>\n\t\t\t<p>Professionelle Logistikl\u00f6sungen von und nach Griechenland<\/p>\n\t\t\t\t\t\t\t<p><a href=\"https:\/\/www.stravex.com\/de\/spedition-griechenland-logistik\" class=\"read-more  read-more--page-box\">Mehr lesen<\/a><\/p>\n\t\t\t\t\t<\/div>\n\t<\/div>\n\n<\/div><\/div><div id=\"pgc-4160-2-3\"  class=\"panel-grid-cell\" ><div id=\"panel-4160-2-3-0\" class=\"so-panel widget widget_pw_featured_page widget-featured-page panel-first-child panel-last-child\" data-index=\"11\" >\n\t<div class=\"page-box  page-box--block\">\n\t\t\t\t\t\t\t\t\t<a class=\"page-box__picture\" href=\"https:\/\/www.stravex.com\/de\/spedition-zypern-logistik\">\n\t\t\t\t\t<img loading=\"lazy\" decoding=\"async\" src=\"https:\/\/www.stravex.com\/wp-content\/uploads\/2025\/07\/Cuprys-FLag-v2-360x240.jpg\" width=\"360\" height=\"240\" srcset=\"https:\/\/www.stravex.com\/wp-content\/uploads\/2025\/07\/Cuprys-FLag-v2-360x240.jpg 360w, https:\/\/www.stravex.com\/wp-content\/uploads\/2025\/07\/Cuprys-FLag-v2.jpg 1080w\" sizes=\"auto, (min-width: 992px) 360px, calc(100vw - 30px)\" class=\"wp-post-image\" alt=\"Spedition Zypern: Transporte von Deutschland, \u00d6sterreich und aus der Schweiz\" title=\"\">\n\t\t\t\t<\/a>\n\t\t\t\t\t\t\t<div class=\"page-box__content\">\n\t\t\t<h5 class=\"page-box__title text-uppercase\"><a href=\"https:\/\/www.stravex.com\/de\/spedition-zypern-logistik\">Spedition Zypern: Transporte von Deutschland, \u00d6sterreich und aus der Schweiz<\/a><\/h5>\n\t\t\t<p>Kundenorientierte Logistikl\u00f6sungen f\u00fcr Ihre Lieferungen nach Zypern<\/p>\n\t\t\t\t\t\t\t<p><a href=\"https:\/\/www.stravex.com\/de\/spedition-zypern-logistik\" class=\"read-more  read-more--page-box\">Mehr lesen<\/a><\/p>\n\t\t\t\t\t<\/div>\n\t<\/div>\n\n<\/div><\/div><\/div><\/div><div id=\"pg-4160-3\"  class=\"panel-grid panel-has-style\" ><div class=\"country panel-row-style panel-row-style-for-4160-3\" ><div id=\"pgc-4160-3-0\"  class=\"panel-grid-cell\" ><div id=\"panel-4160-3-0-0\" class=\"so-panel widget widget_pw_featured_page widget-featured-page panel-first-child panel-last-child\" data-index=\"12\" >\n\t<div class=\"page-box  page-box--block\">\n\t\t\t\t\t\t\t\t\t<a class=\"page-box__picture\" href=\"https:\/\/www.stravex.com\/de\/spedition-moldawien-transport-moldau\">\n\t\t\t\t\t<img loading=\"lazy\" decoding=\"async\" src=\"https:\/\/www.stravex.com\/wp-content\/uploads\/2025\/06\/Moldau-360x240.jpg\" width=\"360\" height=\"240\" srcset=\"https:\/\/www.stravex.com\/wp-content\/uploads\/2025\/06\/Moldau-360x240.jpg 360w, https:\/\/www.stravex.com\/wp-content\/uploads\/2025\/06\/Moldau.jpg 827w\" sizes=\"auto, (min-width: 992px) 360px, calc(100vw - 30px)\" class=\"wp-post-image\" alt=\"Effiziente Logistik in die Republik Moldau\" title=\"\">\n\t\t\t\t<\/a>\n\t\t\t\t\t\t\t<div class=\"page-box__content\">\n\t\t\t<h5 class=\"page-box__title text-uppercase\"><a href=\"https:\/\/www.stravex.com\/de\/spedition-moldawien-transport-moldau\">Effiziente Logistik in die Republik Moldau<\/a><\/h5>\n\t\t\t<p>Transporte nach Moldawien von Deutschland, \u00d6sterreich & der Schweiz<\/p>\n\t\t\t\t\t\t\t<p><a href=\"https:\/\/www.stravex.com\/de\/spedition-moldawien-transport-moldau\" class=\"read-more  read-more--page-box\">Mehr lesen<\/a><\/p>\n\t\t\t\t\t<\/div>\n\t<\/div>\n\n<\/div><\/div><div id=\"pgc-4160-3-1\"  class=\"panel-grid-cell\" ><div id=\"panel-4160-3-1-0\" class=\"so-panel widget widget_pw_featured_page widget-featured-page panel-first-child panel-last-child\" data-index=\"13\" >\n\t<div class=\"page-box  page-box--block\">\n\t\t\t\t\t\t\t\t\t<a class=\"page-box__picture\" href=\"https:\/\/www.stravex.com\/de\/spedition-tschechien-slowakei-ungarn\">\n\t\t\t\t\t<img loading=\"lazy\" decoding=\"async\" src=\"https:\/\/www.stravex.com\/wp-content\/uploads\/2025\/07\/TschechienFlag-2-360x240.jpg\" width=\"360\" height=\"240\" srcset=\"https:\/\/www.stravex.com\/wp-content\/uploads\/2025\/07\/TschechienFlag-2-360x240.jpg 360w, https:\/\/www.stravex.com\/wp-content\/uploads\/2025\/07\/TschechienFlag-2.jpg 1920w\" sizes=\"auto, (min-width: 992px) 360px, calc(100vw - 30px)\" class=\"wp-post-image\" alt=\"Spedition nach Tschechien, Ungarn und in die Slowakei\" title=\"\">\n\t\t\t\t<\/a>\n\t\t\t\t\t\t\t<div class=\"page-box__content\">\n\t\t\t<h5 class=\"page-box__title text-uppercase\"><a href=\"https:\/\/www.stravex.com\/de\/spedition-tschechien-slowakei-ungarn\">Spedition nach Tschechien, Ungarn und in die Slowakei<\/a><\/h5>\n\t\t\t<p>Transporte zwischen Deutschland, Tschechien, Ungarn & Slowakei<\/p>\n\t\t\t\t\t\t\t<p><a href=\"https:\/\/www.stravex.com\/de\/spedition-tschechien-slowakei-ungarn\" class=\"read-more  read-more--page-box\">Mehr lesen<\/a><\/p>\n\t\t\t\t\t<\/div>\n\t<\/div>\n\n<\/div><\/div><div id=\"pgc-4160-3-2\"  class=\"panel-grid-cell\" ><div id=\"panel-4160-3-2-0\" class=\"so-panel widget widget_pw_featured_page widget-featured-page panel-first-child panel-last-child\" data-index=\"14\" >\n\t<div class=\"page-box  page-box--block\">\n\t\t\t\t\t\t\t\t\t<a class=\"page-box__picture\" href=\"https:\/\/www.stravex.com\/de\/spedition-belgien-niederlande-transporte\">\n\t\t\t\t\t<img loading=\"lazy\" decoding=\"async\" src=\"https:\/\/www.stravex.com\/wp-content\/uploads\/2025\/07\/BeneluxFlag-360x240.jpg\" width=\"360\" height=\"240\" srcset=\"https:\/\/www.stravex.com\/wp-content\/uploads\/2025\/07\/BeneluxFlag-360x240.jpg 360w, https:\/\/www.stravex.com\/wp-content\/uploads\/2025\/07\/BeneluxFlag.jpg 1920w\" sizes=\"auto, (min-width: 992px) 360px, calc(100vw - 30px)\" class=\"wp-post-image\" alt=\"Spedition nach Belgien, Luxemburg und in die Niederlande\" title=\"\">\n\t\t\t\t<\/a>\n\t\t\t\t\t\t\t<div class=\"page-box__content\">\n\t\t\t<h5 class=\"page-box__title text-uppercase\"><a href=\"https:\/\/www.stravex.com\/de\/spedition-belgien-niederlande-transporte\">Spedition nach Belgien, Luxemburg und in die Niederlande<\/a><\/h5>\n\t\t\t<p>Effiziente Logistik nach Belgien, Luxemburg und in die Niederlande<\/p>\n\t\t\t\t\t\t\t<p><a href=\"https:\/\/www.stravex.com\/de\/spedition-belgien-niederlande-transporte\" class=\"read-more  read-more--page-box\">Mehr lesen<\/a><\/p>\n\t\t\t\t\t<\/div>\n\t<\/div>\n\n<\/div><\/div><div id=\"pgc-4160-3-3\"  class=\"panel-grid-cell\" ><div id=\"panel-4160-3-3-0\" class=\"so-panel widget widget_pw_featured_page widget-featured-page panel-first-child panel-last-child\" data-index=\"15\" >\n\t<div class=\"page-box  page-box--block\">\n\t\t\t\t\t\t\t\t\t<a class=\"page-box__picture\" href=\"https:\/\/www.stravex.com\/de\/spedition-schweden-finnland-norwegen-daenemark\">\n\t\t\t\t\t<img loading=\"lazy\" decoding=\"async\" src=\"https:\/\/www.stravex.com\/wp-content\/uploads\/2025\/07\/scand-360x240.jpg\" width=\"360\" height=\"240\" srcset=\"https:\/\/www.stravex.com\/wp-content\/uploads\/2025\/07\/scand-360x240.jpg 360w, https:\/\/www.stravex.com\/wp-content\/uploads\/2025\/07\/scand.jpg 800w\" sizes=\"auto, (min-width: 992px) 360px, calc(100vw - 30px)\" class=\"wp-post-image\" alt=\"Spedition Schweden, Finnland, D\u00e4nemark &amp; Norwegen\" title=\"\">\n\t\t\t\t<\/a>\n\t\t\t\t\t\t\t<div class=\"page-box__content\">\n\t\t\t<h5 class=\"page-box__title text-uppercase\"><a href=\"https:\/\/www.stravex.com\/de\/spedition-schweden-finnland-norwegen-daenemark\">Spedition Schweden, Finnland, D\u00e4nemark &amp; Norwegen<\/a><\/h5>\n\t\t\t<p>Transporte nach D\u00e4nemark, Finnland, Norwegen & Schweden<\/p>\n\t\t\t\t\t\t\t<p><a href=\"https:\/\/www.stravex.com\/de\/spedition-schweden-finnland-norwegen-daenemark\" class=\"read-more  read-more--page-box\">Mehr lesen<\/a><\/p>\n\t\t\t\t\t<\/div>\n\t<\/div>\n\n<\/div><\/div><\/div><\/div><div id=\"pg-4160-4\"  class=\"panel-grid panel-no-style\" ><div id=\"pgc-4160-4-0\"  class=\"panel-grid-cell panel-grid-cell-empty\" ><\/div><\/div><\/div>","protected":false},"excerpt":{"rendered":"<p>Internationale Spedition: Transporte in Europa Weltweite Frachttransporte von und nach Europa Mehr lesen Spedition in Hamburg, internationale Transporte von und nach Deutschland Effiziente weltweite Logistik von und nach Deutschland Mehr lesen Internationale Spedition Schweiz: Transporte per LKW, Bahn, Flug und Schiff Frachttransporte Schweiz- die EU, die USA &#038; weltweit Mehr lesen Internationale Transporte von und &hellip;<\/p>\n","protected":false},"author":1,"featured_media":0,"parent":0,"menu_order":0,"comment_status":"closed","ping_status":"closed","template":"","meta":{"_acf_changed":false,"footnotes":""},"class_list":["post-4160","page","type-page","status-publish","hentry"],"acf":[],"_links":{"self":[{"href":"https:\/\/www.stravex.com\/de\/wp-json\/wp\/v2\/pages\/4160","targetHints":{"allow":["GET"]}}],"collection":[{"href":"https:\/\/www.stravex.com\/de\/wp-json\/wp\/v2\/pages"}],"about":[{"href":"https:\/\/www.stravex.com\/de\/wp-json\/wp\/v2\/types\/page"}],"author":[{"embeddable":true,"href":"https:\/\/www.stravex.com\/de\/wp-json\/wp\/v2\/users\/1"}],"replies":[{"embeddable":true,"href":"https:\/\/www.stravex.com\/de\/wp-json\/wp\/v2\/comments?post=4160"}],"version-history":[{"count":0,"href":"https:\/\/www.stravex.com\/de\/wp-json\/wp\/v2\/pages\/4160\/revisions"}],"wp:attachment":[{"href":"https:\/\/www.stravex.com\/de\/wp-json\/wp\/v2\/media?parent=4160"}],"curies":[{"name":"wp","href":"https:\/\/api.w.org\/{rel}","templated":true}]}}