{"id":4053,"date":"2025-06-29T14:56:02","date_gmt":"2025-06-29T12:56:02","guid":{"rendered":"https:\/\/www.stravex.com\/?page_id=4053"},"modified":"2026-03-15T11:51:58","modified_gmt":"2026-03-15T10:51:58","slug":"spedition-panama-costarica-guatemala-kuba-jamaica","status":"publish","type":"page","link":"https:\/\/www.stravex.com\/de\/spedition-panama-costarica-guatemala-kuba-jamaica","title":{"rendered":"Spedition Costa Rica, Guatemala, Jamaika, el Salvador, Kuba, Panama, Honduras"},"content":{"rendered":"<div id=\"pl-4053\"  class=\"panel-layout\" ><div id=\"pg-4053-0\"  class=\"panel-grid panel-no-style\" ><div id=\"pgc-4053-0-0\"  class=\"panel-grid-cell\" ><div id=\"panel-4053-0-0-0\" class=\"so-panel widget widget_sow-image panel-first-child panel-last-child\" data-index=\"0\" ><div\n\t\t\t\n\t\t\tclass=\"so-widget-sow-image so-widget-sow-image-default-6ec9e3772f75-4053\"\n\t\t\t\n\t\t>\n<div class=\"sow-image-container\">\n\t\t\t<a href=\"\/wp-content\/uploads\/2025\/07\/NorthamericaFlags.jpg\"\n\t\t\t\t\t>\n\t\t\t<img \n\tsrc=\"https:\/\/www.stravex.com\/wp-content\/uploads\/2025\/07\/NorthamericaFlags-360x240.jpg\" width=\"360\" height=\"240\" srcset=\"https:\/\/www.stravex.com\/wp-content\/uploads\/2025\/07\/NorthamericaFlags-360x240.jpg 360w, https:\/\/www.stravex.com\/wp-content\/uploads\/2025\/07\/NorthamericaFlags-272x182.jpg 272w\" sizes=\"(max-width: 360px) 100vw, 360px\" title=\"Fracht Deutschland- Mittelamerika\" alt=\"Transporte nach mittelamerika (Costa Rica, Panama, Guatemala, Kuba usw.)\" \t\tclass=\"so-widget-image\"\/>\n\t\t\t<\/a><\/div>\n\n<\/div><\/div><\/div><div id=\"pgc-4053-0-1\"  class=\"panel-grid-cell\" ><div id=\"panel-4053-0-1-0\" class=\"so-panel widget widget_black-studio-tinymce widget_black_studio_tinymce panel-first-child panel-last-child\" data-index=\"1\" ><div class=\"textwidget\"><h2><span style=\"font-size: 30px;\"><strong>Effiziente G\u00fctertransporte nach Panama, Costa Rica, El Salvador, Guatemala, Kuba, Dominikanische Republik und Jamaika<\/strong><\/span><\/h2>\n<\/div><\/div><\/div><\/div><div id=\"pg-4053-1\"  class=\"panel-grid panel-no-style\" ><div id=\"pgc-4053-1-0\"  class=\"panel-grid-cell\" ><div id=\"panel-4053-1-0-0\" class=\"so-panel widget widget_black-studio-tinymce widget_black_studio_tinymce panel-first-child panel-last-child\" data-index=\"2\" ><div class=\"textwidget\"><p><span style=\"font-size: 24px; line-height: 0.8;\"><b>Logistikl\u00f6sungen aus Deutschland, \u00d6sterreich und der Schweiz nach Mittelamerika und in die Karibik:<\/b><\/span><\/p>\n<\/div><\/div><\/div><\/div><div id=\"pg-4053-2\"  class=\"panel-grid panel-no-style\" ><div id=\"pgc-4053-2-0\"  class=\"panel-grid-cell\" ><div id=\"panel-4053-2-0-0\" class=\"so-panel widget widget_black-studio-tinymce widget_black_studio_tinymce panel-first-child panel-last-child\" data-index=\"3\" ><div class=\"textwidget\"><ul>\n<li><a href=\"https:\/\/www.stravex.com\/de\/seefracht-deutschland-container\" target=\"_blank\" rel=\"noopener\"><strong>Seetransporte<\/strong><\/a>\n<ul>\n<li>Containertransporte (FCL) in die Karibik und mittelamerikanischen L\u00e4nder:\n<ul>\n<li><strong>Jamaika<\/strong><strong>:<\/strong> Kingston<\/li>\n<li><strong>Panama<\/strong><strong>:<\/strong> Colon und Balboa<\/li>\n<li><strong>Honduras<\/strong><strong>:<\/strong> Puerto Cort\u00e9s<\/li>\n<li><strong>Guatemala<\/strong>: Puerto Quetzal<\/li>\n<li><strong>Kuba<\/strong><strong>:<\/strong> Port of Mariel<\/li>\n<li><strong>Dominikanische Republik<\/strong><strong>:<\/strong> Port of Caucedo<\/li>\n<li><strong>Costa Rica<\/strong><strong>:<\/strong> Mo\u00edn<\/li>\n<li><strong>El Salvador<\/strong>: Puerto de Acajutla<\/li>\n<\/ul>\n<\/li>\n<li>von Hamburg, Bremerhaven, Antwerpen und Rotterdam<\/li>\n<li>W\u00f6chentliche Sammelgutcontainer (LCL) zwischen Hamburg und mittelamerikanischen H\u00e4fen<\/li>\n<li><span style=\"text-decoration: underline;\"><strong><a href=\"https:\/\/www.stravex.com\/de\/schwertransporte-deutschland-spedition\" target=\"_blank\" rel=\"noopener\">Projekt- und Schwertransporte<\/a><\/strong><\/span>\u00a0von Baumaschinen, Bef\u00f6rderungsmitteln und Industrieanlagen<\/li>\n<\/ul>\n<\/li>\n<\/ul>\n<ul>\n<li><a href=\"https:\/\/www.stravex.com\/de\/luftfracht-deutschland-lufttransporte\" target=\"_blank\" rel=\"noopener\"><strong>Lufttransporte<\/strong><\/a><strong>\u00a0<\/strong>\n<ul>\n<li>Luftfracht von und nach\n<ul>\n<li><strong>Panama<\/strong><strong>:<\/strong> Tocumen Intl. Airport in Panama-Stadt<\/li>\n<li><strong>Guatemala<\/strong><strong>:<\/strong> La Aurora Intl. Airport in Guatemala-Stadt<\/li>\n<li><strong>Kuba<\/strong><strong>:<\/strong> Jos\u00e9 Mart\u00ed Intl. Airport in Havana<\/li>\n<li><strong>Dominikanische Republik<\/strong><strong>:<\/strong> Las Am\u00e9ricas Intl. Airport in Santo Domingo<\/li>\n<li><strong>Costa Rica:<\/strong> Juan Santamaria Intl. Airport in San Jose<\/li>\n<li><strong>Belize:<\/strong> Philip S. W. Goldson Intl. Airport in Belize City<\/li>\n<li><strong>Honduras<\/strong><strong>:<\/strong> Palmerola Intl. Airport in Comayagua<\/li>\n<\/ul>\n<\/li>\n<li>nach und von Frankfurt am Main, M\u00fcnchen, Hamburg, Luxemburg, Z\u00fcrich und Amsterdam<\/li>\n<li>Luftfracht mit Frachtern und regul\u00e4ren Passagierflugzeugen von Copa Airlines, Delta Airlines, American Airlines, Southwest Airlines, United Airlines, Lufthansa, KLM, CargoLux usw.<\/li>\n<li>Sondertarife f\u00fcr Luftcargo aus Frankfurt am Main nach Panama<\/li>\n<\/ul>\n<\/li>\n<\/ul>\n<p>Wir f\u00fchren Transporte zwischen der Karibik und Mittelamerika und den folgenden europ\u00e4ischen und zentralasiatischen L\u00e4ndern durch:\u00a0Belgien,\u00a0Bulgarien, D\u00e4nemark, Deutschland, Estland, Finnland, Frankreich, Griechenland, Gro\u00dfbritannien, Italien, Irland, Kasachstan, Kroatien, Lettland, Litauen, Luxemburg, Malta, den Niederlanden, Norwegen, Polen, Portugal, \u00d6sterreich, Rum\u00e4nien, Schweden, der Schweiz, der Slowakei, Slowenien, Spanien, Tschechien, Turkmenistan, der Ukraine, Ungarn, Usbekistan und Zypern.<\/p>\n<p><strong>Haben Sie Fragen zu Lieferungen zwischen Deutschland, \u00d6sterreich, der Schweiz und <\/strong><strong>Panama, Costa Rica, El Salvador, Guatemala, Kuba, der Dominikanischen Republik und Jamaika<\/strong><strong>?\u00a0Kontaktieren Sie uns! Unser kompetentes Team freut sich auf Ihre Anfrage:<\/strong><\/p>\n<p><strong>\ud83d\udcde<\/strong><strong> Telefon:\u00a0\u00a0<a href=\"tel:+4940334870300\">+4940334870300<\/a><\/strong><\/p>\n<p><strong>\u2709\ufe0f<\/strong><strong> E-Mail:<\/strong><strong>\u00a0\u00a0<\/strong><strong>\u00a0<\/strong>\u00a0\u00a0<strong><a href=\"mailto:info@stravex.com\">info@stravex.com<\/a><\/strong><\/p>\n<hr \/>\n<\/div><\/div><\/div><\/div><\/div>","protected":false},"excerpt":{"rendered":"<p>Luftfracht und Seefracht von Deutschland nach Mittelamerika<\/p>\n","protected":false},"author":1,"featured_media":2700,"parent":0,"menu_order":0,"comment_status":"closed","ping_status":"closed","template":"page-service.php","meta":{"_acf_changed":false,"footnotes":""},"class_list":["post-4053","page","type-page","status-publish","has-post-thumbnail","hentry"],"acf":[],"_links":{"self":[{"href":"https:\/\/www.stravex.com\/de\/wp-json\/wp\/v2\/pages\/4053","targetHints":{"allow":["GET"]}}],"collection":[{"href":"https:\/\/www.stravex.com\/de\/wp-json\/wp\/v2\/pages"}],"about":[{"href":"https:\/\/www.stravex.com\/de\/wp-json\/wp\/v2\/types\/page"}],"author":[{"embeddable":true,"href":"https:\/\/www.stravex.com\/de\/wp-json\/wp\/v2\/users\/1"}],"replies":[{"embeddable":true,"href":"https:\/\/www.stravex.com\/de\/wp-json\/wp\/v2\/comments?post=4053"}],"version-history":[{"count":11,"href":"https:\/\/www.stravex.com\/de\/wp-json\/wp\/v2\/pages\/4053\/revisions"}],"predecessor-version":[{"id":6002,"href":"https:\/\/www.stravex.com\/de\/wp-json\/wp\/v2\/pages\/4053\/revisions\/6002"}],"wp:featuredmedia":[{"embeddable":true,"href":"https:\/\/www.stravex.com\/de\/wp-json\/wp\/v2\/media\/2700"}],"wp:attachment":[{"href":"https:\/\/www.stravex.com\/de\/wp-json\/wp\/v2\/media?parent=4053"}],"curies":[{"name":"wp","href":"https:\/\/api.w.org\/{rel}","templated":true}]}}